{"id":22,"date":"2024-11-13T11:08:58","date_gmt":"2024-11-13T10:08:58","guid":{"rendered":"https:\/\/camilbofill.nicoledezi.com\/?page_id=22"},"modified":"2026-03-04T12:35:23","modified_gmt":"2026-03-04T11:35:23","slug":"biografia","status":"publish","type":"page","link":"https:\/\/www.camilbofill.com\/ca\/biografia\/","title":{"rendered":"Biografia"},"content":{"rendered":"<div data-elementor-type=\"wp-page\" data-elementor-id=\"22\" class=\"elementor elementor-22\" data-elementor-post-type=\"page\">\n\t\t\t\t<div class=\"elementor-element elementor-element-5553b0c e-con-full e-flex e-con e-parent\" data-id=\"5553b0c\" data-element_type=\"container\" data-e-type=\"container\" data-settings=\"{&quot;background_background&quot;:&quot;classic&quot;}\">\n\t\t<div class=\"elementor-element elementor-element-5f9133c e-con-full e-flex e-con e-child\" data-id=\"5f9133c\" data-element_type=\"container\" data-e-type=\"container\">\n\t\t\t\t<div class=\"elementor-element elementor-element-aef05f8 animated-slow elementor-invisible elementor-widget elementor-widget-heading\" data-id=\"aef05f8\" data-element_type=\"widget\" data-e-type=\"widget\" data-settings=\"{&quot;_animation&quot;:&quot;fadeIn&quot;,&quot;_animation_delay&quot;:1100}\" data-widget_type=\"heading.default\">\n\t\t\t\t<div class=\"elementor-widget-container\">\n\t\t\t\t\t<p class=\"elementor-heading-title elementor-size-default\">Biografia<\/p>\t\t\t\t<\/div>\n\t\t\t\t<\/div>\n\t\t\t\t<div class=\"elementor-element elementor-element-34ed35f elementor-widget elementor-widget-text-editor\" data-id=\"34ed35f\" data-element_type=\"widget\" data-e-type=\"widget\" data-widget_type=\"text-editor.default\">\n\t\t\t\t<div class=\"elementor-widget-container\">\n\t\t\t\t\t\t\t\t\t<p class=\"p1\"><b>Camil Bofill<\/b> (Torell\u00f3, 1957) \u00e9s un destacat escultor i pintor catal\u00e0. Va iniciar la formaci\u00f3 art\u00edstica a l'Escola d'Arts i Oficis de Barcelona, \u200b\u200bon va assistir a classes de dibuix i escultura impartides per l'escultora Rosa Mart\u00ednez Brau. Simult\u00e0niament, va obtenir la llicenciatura a la Facultat de Belles Arts Sant Jordi de Barcelona.<\/p><p class=\"p1\">Durant la d\u00e8cada del 1980, Bofill va realitzar importants obres religioses, com el retaule major de l'esgl\u00e9sia de Sant Mart\u00ed de Sobremunt i el de l'esgl\u00e9sia de Santa Maria de Borred\u00e0. A m\u00e9s a m\u00e9s, va crear un retaule per al baptisteri de l'esgl\u00e9sia de Sant Feliu de Torell\u00f3.<\/p>\t\t\t\t\t\t\t\t<\/div>\n\t\t\t\t<\/div>\n\t\t\t\t<\/div>\n\t\t<div class=\"elementor-element elementor-element-5b2a491 e-con-full e-flex e-con e-child\" data-id=\"5b2a491\" data-element_type=\"container\" data-e-type=\"container\">\n\t\t\t\t<div class=\"elementor-element elementor-element-839234b elementor-widget__width-initial elementor-widget elementor-widget-image\" data-id=\"839234b\" data-element_type=\"widget\" data-e-type=\"widget\" data-widget_type=\"image.default\">\n\t\t\t\t<div class=\"elementor-widget-container\">\n\t\t\t\t\t\t\t\t\t\t\t\t\t\t\t<img fetchpriority=\"high\" decoding=\"async\" width=\"1600\" height=\"1199\" src=\"https:\/\/www.camilbofill.com\/wp-content\/uploads\/2026\/03\/WhatsApp-Image-2026-02-26-at-16.19.06.jpeg\" class=\"attachment-large size-large wp-image-1477\" alt=\"\" srcset=\"https:\/\/www.camilbofill.com\/wp-content\/uploads\/2026\/03\/WhatsApp-Image-2026-02-26-at-16.19.06.jpeg 1600w, https:\/\/www.camilbofill.com\/wp-content\/uploads\/2026\/03\/WhatsApp-Image-2026-02-26-at-16.19.06-300x225.jpeg 300w, https:\/\/www.camilbofill.com\/wp-content\/uploads\/2026\/03\/WhatsApp-Image-2026-02-26-at-16.19.06-768x576.jpeg 768w, https:\/\/www.camilbofill.com\/wp-content\/uploads\/2026\/03\/WhatsApp-Image-2026-02-26-at-16.19.06-1536x1151.jpeg 1536w, https:\/\/www.camilbofill.com\/wp-content\/uploads\/2026\/03\/WhatsApp-Image-2026-02-26-at-16.19.06-16x12.jpeg 16w\" sizes=\"(max-width: 1600px) 100vw, 1600px\" \/>\t\t\t\t\t\t\t\t\t\t\t\t\t\t\t<\/div>\n\t\t\t\t<\/div>\n\t\t\t\t<div class=\"elementor-element elementor-element-cf1bd81 elementor-widget__width-initial elementor-widget elementor-widget-image\" data-id=\"cf1bd81\" data-element_type=\"widget\" data-e-type=\"widget\" data-widget_type=\"image.default\">\n\t\t\t\t<div class=\"elementor-widget-container\">\n\t\t\t\t\t\t\t\t\t\t\t\t\t\t\t<img decoding=\"async\" width=\"1189\" height=\"1600\" src=\"https:\/\/www.camilbofill.com\/wp-content\/uploads\/2026\/03\/WhatsApp-Image-2026-02-26-at-16.22.02.jpeg\" class=\"attachment-large size-large wp-image-1475\" alt=\"\" srcset=\"https:\/\/www.camilbofill.com\/wp-content\/uploads\/2026\/03\/WhatsApp-Image-2026-02-26-at-16.22.02.jpeg 1189w, https:\/\/www.camilbofill.com\/wp-content\/uploads\/2026\/03\/WhatsApp-Image-2026-02-26-at-16.22.02-223x300.jpeg 223w, https:\/\/www.camilbofill.com\/wp-content\/uploads\/2026\/03\/WhatsApp-Image-2026-02-26-at-16.22.02-768x1033.jpeg 768w, https:\/\/www.camilbofill.com\/wp-content\/uploads\/2026\/03\/WhatsApp-Image-2026-02-26-at-16.22.02-1141x1536.jpeg 1141w, https:\/\/www.camilbofill.com\/wp-content\/uploads\/2026\/03\/WhatsApp-Image-2026-02-26-at-16.22.02-9x12.jpeg 9w\" sizes=\"(max-width: 1189px) 100vw, 1189px\" \/>\t\t\t\t\t\t\t\t\t\t\t\t\t\t\t<\/div>\n\t\t\t\t<\/div>\n\t\t\t\t<\/div>\n\t\t\t\t<\/div>\n\t\t<div class=\"elementor-element elementor-element-b2fac0a e-con-full e-flex e-con e-parent\" data-id=\"b2fac0a\" data-element_type=\"container\" data-e-type=\"container\" data-settings=\"{&quot;background_background&quot;:&quot;classic&quot;}\">\n\t\t<div class=\"elementor-element elementor-element-bcc979e e-con-full e-flex e-con e-child\" data-id=\"bcc979e\" data-element_type=\"container\" data-e-type=\"container\">\n\t\t\t\t<div class=\"elementor-element elementor-element-07fb47a elementor-widget elementor-widget-image\" data-id=\"07fb47a\" data-element_type=\"widget\" data-e-type=\"widget\" data-widget_type=\"image.default\">\n\t\t\t\t<div class=\"elementor-widget-container\">\n\t\t\t\t\t\t\t\t\t\t\t\t\t\t\t<img decoding=\"async\" width=\"350\" height=\"562\" src=\"https:\/\/www.camilbofill.com\/wp-content\/uploads\/2025\/01\/esglesia-de-borreda.jpg\" class=\"attachment-large size-large wp-image-533\" alt=\"Biograf\u00eda Camil Bofill\" srcset=\"https:\/\/www.camilbofill.com\/wp-content\/uploads\/2025\/01\/esglesia-de-borreda.jpg 350w, https:\/\/www.camilbofill.com\/wp-content\/uploads\/2025\/01\/esglesia-de-borreda-187x300.jpg 187w\" sizes=\"(max-width: 350px) 100vw, 350px\" \/>\t\t\t\t\t\t\t\t\t\t\t\t\t\t\t<\/div>\n\t\t\t\t<\/div>\n\t\t\t\t<\/div>\n\t\t<div class=\"elementor-element elementor-element-4fcfa1c e-con-full e-flex e-con e-child\" data-id=\"4fcfa1c\" data-element_type=\"container\" data-e-type=\"container\">\n\t\t\t\t<div class=\"elementor-element elementor-element-e0e4507 elementor-widget elementor-widget-text-editor\" data-id=\"e0e4507\" data-element_type=\"widget\" data-e-type=\"widget\" data-widget_type=\"text-editor.default\">\n\t\t\t\t<div class=\"elementor-widget-container\">\n\t\t\t\t\t\t\t\t\t<p class=\"p1\">El 1985, va presentar per primera vegada les seves pintures a diverses ciutats catalanes, incloent-hi Sant Cugat, Vic, Terrassa, Sitges i Girona.<\/p><p class=\"p1\">La d\u00e9cada de 1990 fue testigo de una expansi\u00f3n significativa en la carrera de Bofill. Sus obras fueron exhibidas en prestigiosas galer\u00edas de Barcelona, como la<span style=\"color: #ffffff;\"> <a style=\"color: #ffffff;\" href=\"http:\/\/galerialleonart.com\/galeria\" target=\"_blank\" rel=\"noopener\">Galer\u00eda Lleonart<\/a><\/span>, la Galer\u00eda Altarriba, la Galer\u00eda Trama y la Sala Par\u00e9s. Adem\u00e1s, su arte trascendi\u00f3 las fronteras catalanas, llegando a p\u00fablicos en Madrid y Bilbao. Esta etapa consolid\u00f3 su posici\u00f3n en el panorama art\u00edstico espa\u00f1ol, destacando por su estilo distintivo y su habilidad para capturar la esencia humana en sus creaciones.<\/p><p class=\"p1\">El 2001, va participar a la Fira Internacional d'Art Contemporani ARCO de Madrid, exhibint la seva obra a l'estand de la Galeria Trama de Barcelona.<\/p><p class=\"p1\">A partir del 2005, Camil Bofill va decidir enfocar-se exclusivament a l'escultura, dedicant el seu temps i talent a aquesta disciplina. La seva obra escult\u00f2rica es caracteritza per una profunda exploraci\u00f3 de la figura humana, combinant realisme i simbolisme per transmetre emocions i narratives complexes. Actualment resideix a Barcelona, \u200b\u200bon continua creant peces que reflecteixen la seva evoluci\u00f3 art\u00edstica i el seu comprom\u00eds amb l'excel\u00b7l\u00e8ncia a l'art.<\/p>\t\t\t\t\t\t\t\t<\/div>\n\t\t\t\t<\/div>\n\t\t<div class=\"elementor-element elementor-element-ff252d3 e-con-full e-flex e-con e-child\" data-id=\"ff252d3\" data-element_type=\"container\" data-e-type=\"container\">\n\t\t\t\t<div class=\"elementor-element elementor-element-dde8d34 elementor-invisible elementor-widget elementor-widget-button\" data-id=\"dde8d34\" data-element_type=\"widget\" data-e-type=\"widget\" data-settings=\"{&quot;_animation&quot;:&quot;fadeInLeft&quot;,&quot;_animation_delay&quot;:800}\" data-widget_type=\"button.default\">\n\t\t\t\t<div class=\"elementor-widget-container\">\n\t\t\t\t\t\t\t\t\t<div class=\"elementor-button-wrapper\">\n\t\t\t\t\t<a class=\"elementor-button elementor-button-link elementor-size-sm elementor-animation-grow\" href=\"\/ca\/escultura\/bronze-45cm\/\">\n\t\t\t\t\t\t<span class=\"elementor-button-content-wrapper\">\n\t\t\t\t\t\t\t\t\t<span class=\"elementor-button-text\">Escultura<\/span>\n\t\t\t\t\t<\/span>\n\t\t\t\t\t<\/a>\n\t\t\t\t<\/div>\n\t\t\t\t\t\t\t\t<\/div>\n\t\t\t\t<\/div>\n\t\t\t\t<div class=\"elementor-element elementor-element-76f3a9c elementor-align-right elementor-invisible elementor-widget elementor-widget-button\" data-id=\"76f3a9c\" data-element_type=\"widget\" data-e-type=\"widget\" data-settings=\"{&quot;_animation&quot;:&quot;fadeInRight&quot;,&quot;_animation_delay&quot;:800}\" data-widget_type=\"button.default\">\n\t\t\t\t<div class=\"elementor-widget-container\">\n\t\t\t\t\t\t\t\t\t<div class=\"elementor-button-wrapper\">\n\t\t\t\t\t<a class=\"elementor-button elementor-button-link elementor-size-sm elementor-animation-grow\" href=\"\/ca\/obras-pintura\/\">\n\t\t\t\t\t\t<span class=\"elementor-button-content-wrapper\">\n\t\t\t\t\t\t\t\t\t<span class=\"elementor-button-text\">Pintura<\/span>\n\t\t\t\t\t<\/span>\n\t\t\t\t\t<\/a>\n\t\t\t\t<\/div>\n\t\t\t\t\t\t\t\t<\/div>\n\t\t\t\t<\/div>\n\t\t\t\t<\/div>\n\t\t\t\t<\/div>\n\t\t\t\t<\/div>\n\t\t\t\t<\/div>","protected":false},"excerpt":{"rendered":"<p>Biograf\u00eda Camil Bofill (Torell\u00f3, 1957) es un destacado escultor y pintor catal\u00e1n. Inici\u00f3 su formaci\u00f3n art\u00edstica en la Escuela de Artes y Oficios de Barcelona, donde asisti\u00f3 a clases de dibujo y escultura impartidas por la escultora Rosa Mart\u00ednez Brau. Simult\u00e1neamente, obtuvo la licenciatura en la Facultad de Bellas Artes Sant Jordi de Barcelona. Durante [&hellip;]<\/p>\n","protected":false},"author":1,"featured_media":0,"parent":0,"menu_order":0,"comment_status":"closed","ping_status":"closed","template":"","meta":{"_acf_changed":false,"footnotes":""},"class_list":["post-22","page","type-page","status-publish","hentry"],"acf":[],"_links":{"self":[{"href":"https:\/\/www.camilbofill.com\/ca\/wp-json\/wp\/v2\/pages\/22","targetHints":{"allow":["GET"]}}],"collection":[{"href":"https:\/\/www.camilbofill.com\/ca\/wp-json\/wp\/v2\/pages"}],"about":[{"href":"https:\/\/www.camilbofill.com\/ca\/wp-json\/wp\/v2\/types\/page"}],"author":[{"embeddable":true,"href":"https:\/\/www.camilbofill.com\/ca\/wp-json\/wp\/v2\/users\/1"}],"replies":[{"embeddable":true,"href":"https:\/\/www.camilbofill.com\/ca\/wp-json\/wp\/v2\/comments?post=22"}],"version-history":[{"count":31,"href":"https:\/\/www.camilbofill.com\/ca\/wp-json\/wp\/v2\/pages\/22\/revisions"}],"predecessor-version":[{"id":1483,"href":"https:\/\/www.camilbofill.com\/ca\/wp-json\/wp\/v2\/pages\/22\/revisions\/1483"}],"wp:attachment":[{"href":"https:\/\/www.camilbofill.com\/ca\/wp-json\/wp\/v2\/media?parent=22"}],"curies":[{"name":"wp","href":"https:\/\/api.w.org\/{rel}","templated":true}]}}